{"id":16858,"date":"2026-04-21T16:22:34","date_gmt":"2026-04-21T14:22:34","guid":{"rendered":"https:\/\/clinter.es\/?page_id=16858"},"modified":"2026-04-21T16:26:47","modified_gmt":"2026-04-21T14:26:47","slug":"regularisation-extraordinaire-2026-traduction-assermentee","status":"publish","type":"page","link":"https:\/\/clinter.es\/fr\/regularisation-extraordinaire-2026-traduction-assermentee\/","title":{"rendered":"R\u00e9gularisation extraordinaire 2026 | Traduction asserment\u00e9e de documents en Espagne"},"content":{"rendered":"\t\t<div data-elementor-type=\"wp-page\" data-elementor-id=\"16858\" class=\"elementor elementor-16858 elementor-16246\" data-elementor-post-type=\"page\">\n\t\t\t\t<div data-particle_enable=\"false\" data-particle-mobile-disabled=\"false\" data-dce-background-image-url=\"https:\/\/clinter.es\/wp-content\/uploads\/2026\/03\/Sede_del_Ministerio_de_Asuntos_Exteriores_de_Espana_Octubre_2023_10.jpg\" class=\"elementor-element elementor-element-9c7629c e-flex e-con-boxed e-con e-parent\" data-id=\"9c7629c\" data-element_type=\"container\" data-e-type=\"container\" data-settings=\"{&quot;background_background&quot;:&quot;classic&quot;}\">\n\t\t\t\t\t<div class=\"e-con-inner\">\n\t\t<div data-particle_enable=\"false\" data-particle-mobile-disabled=\"false\" class=\"elementor-element elementor-element-7539a26 e-con-full e-flex e-con e-child\" data-id=\"7539a26\" data-element_type=\"container\" data-e-type=\"container\">\n\t\t<div data-particle_enable=\"false\" data-particle-mobile-disabled=\"false\" class=\"elementor-element elementor-element-013b3fd e-con-full e-flex elementor-invisible e-con e-child\" data-id=\"013b3fd\" data-element_type=\"container\" data-e-type=\"container\" data-settings=\"{&quot;animation&quot;:&quot;fadeInLeft&quot;}\">\n\t\t\t\t<div class=\"elementor-element elementor-element-f0467b0 elementor-widget__width-inherit elementor-widget-mobile__width-inherit elementor-widget-tablet__width-inherit elementor-widget elementor-widget-heading\" data-id=\"f0467b0\" data-element_type=\"widget\" data-e-type=\"widget\" data-widget_type=\"heading.default\">\n\t\t\t\t<div class=\"elementor-widget-container\">\n\t\t\t\t\t<h1 class=\"elementor-heading-title elementor-size-default\">Proc\u00e9dure de r\u00e9gularisation exceptionnelle 2026 | Traduction asserment\u00e9e de documents<\/h1>\t\t\t\t<\/div>\n\t\t\t\t<\/div>\n\t\t\t\t<div class=\"elementor-element elementor-element-09f1f9f elementor-widget elementor-widget-breadcrumbs\" data-id=\"09f1f9f\" data-element_type=\"widget\" data-e-type=\"widget\" data-widget_type=\"breadcrumbs.default\">\n\t\t\t\t<div class=\"elementor-widget-container\">\n\t\t\t\t\t<p id=\"breadcrumbs\"><span><span><a href=\"https:\/\/clinter.es\/fr\/\">Page d'accueil<\/a><\/span><\/span><\/p>\t\t\t\t<\/div>\n\t\t\t\t<\/div>\n\t\t\t\t<div class=\"elementor-element elementor-element-649dbae elementor-widget elementor-widget-text-editor\" data-id=\"649dbae\" data-element_type=\"widget\" data-e-type=\"widget\" data-widget_type=\"text-editor.default\">\n\t\t\t\t<div class=\"elementor-widget-container\">\n\t\t\t\t\t\t\t\t\t<p><strong>Le 15 avril 2026, le <a href=\"https:\/\/boe.es\/boe\/dias\/2026\/04\/15\/pdfs\/BOE-A-2026-8284.pdf\">D\u00e9cret Royal 316\/2026<\/a>a \u00e9t\u00e9 publi\u00e9, du 14 avril 2026 modifiant le D\u00e9cret Royal 1155\/2024 du 19 novembre 2024, qui approuve le r\u00e8glement d&rsquo;application de la Loi Organique 4\/2000 du 11 janvier 2000, relative aux droits et libert\u00e9s des \u00e9trangers et des immigrants en situation irr\u00e9guli\u00e8re en Espagne et \u00e0 leur int\u00e9gration sociale, qui est entr\u00e9 en en vigueur le 16 avril 2026.<\/strong><\/p><p>\u00a0<\/p>\t\t\t\t\t\t\t\t<\/div>\n\t\t\t\t<\/div>\n\t\t\t\t<\/div>\n\t\t<div data-particle_enable=\"false\" data-particle-mobile-disabled=\"false\" class=\"elementor-element elementor-element-fad5d00 e-con-full e-flex elementor-invisible e-con e-child\" data-id=\"fad5d00\" data-element_type=\"container\" data-e-type=\"container\" data-settings=\"{&quot;animation&quot;:&quot;fadeInRight&quot;}\">\n\t\t\t\t<div class=\"elementor-element elementor-element-7a71c6f elementor-widget elementor-widget-heading\" data-id=\"7a71c6f\" data-element_type=\"widget\" data-e-type=\"widget\" data-widget_type=\"heading.default\">\n\t\t\t\t<div class=\"elementor-widget-container\">\n\t\t\t\t\t<h3 class=\"elementor-heading-title elementor-size-default\">Traduce tus documentos<\/h3>\t\t\t\t<\/div>\n\t\t\t\t<\/div>\n\t\t\t\t<div class=\"elementor-element elementor-element-864bb59 elementor-widget-tablet_extra__width-inherit elementor-button-align-stretch elementor-widget elementor-widget-form\" data-id=\"864bb59\" data-element_type=\"widget\" data-e-type=\"widget\" data-settings=\"{&quot;step_next_label&quot;:&quot;Siguiente&quot;,&quot;step_previous_label&quot;:&quot;Anterior&quot;,&quot;button_width&quot;:&quot;100&quot;,&quot;dce_confirm_dialog_enabled&quot;:&quot;no&quot;,&quot;step_type&quot;:&quot;number_text&quot;,&quot;step_icon_shape&quot;:&quot;circle&quot;,&quot;label_icon_size&quot;:{&quot;unit&quot;:&quot;px&quot;,&quot;size&quot;:&quot;&quot;,&quot;sizes&quot;:[]},&quot;field_icon_size&quot;:{&quot;unit&quot;:&quot;px&quot;,&quot;size&quot;:&quot;&quot;,&quot;sizes&quot;:[]}}\" data-widget_type=\"form.default\">\n\t\t\t\t<div class=\"elementor-widget-container\">\n\t\t\t\t\t\t\t<form class=\"elementor-form\" method=\"post\" name=\"Nuevo formulario\" aria-label=\"Nuevo formulario\">\n\t\t\t<input type=\"hidden\" name=\"post_id\" value=\"16858\"\/>\n\t\t\t<input type=\"hidden\" name=\"form_id\" value=\"864bb59\"\/>\n\t\t\t<input type=\"hidden\" name=\"referer_title\" value=\"Clinter\" \/>\n\n\t\t\t\n\t\t\t<div class=\"elementor-form-fields-wrapper elementor-labels-\">\n\t\t\t\t\t\t\t\t<div class=\"elementor-field-type-text elementor-field-group elementor-column elementor-field-group-field_3dd8436 elementor-col-100\">\n\t\t\t\t\t\t\t\t\t\t\t\t<label for=\"form-field-field_3dd8436\" class=\"elementor-field-label elementor-screen-only\">\n\t\t\t\t\t\t\t\tNombre\t\t\t\t\t\t\t<\/label>\n\t\t\t\t\t\t\t\t\t\t\t\t\t\t<input size=\"1\" type=\"text\" name=\"form_fields[field_3dd8436]\" id=\"form-field-field_3dd8436\" class=\"elementor-field elementor-size-sm  elementor-field-textual\" placeholder=\"Nombre *\">\n\t\t\t\t\t\t\t\t\t\t\t<\/div>\n\t\t\t\t\t\t\t\t<div class=\"elementor-field-type-email elementor-field-group elementor-column elementor-field-group-email elementor-col-50 elementor-field-required\">\n\t\t\t\t\t\t\t\t\t\t\t\t<label for=\"form-field-email\" class=\"elementor-field-label elementor-screen-only\">\n\t\t\t\t\t\t\t\tCorreo\t\t\t\t\t\t\t<\/label>\n\t\t\t\t\t\t\t\t\t\t\t\t\t\t<input size=\"1\" type=\"email\" name=\"form_fields[email]\" id=\"form-field-email\" class=\"elementor-field elementor-size-sm  elementor-field-textual\" placeholder=\"E-mail *\" required=\"required\">\n\t\t\t\t\t\t\t\t\t\t\t<\/div>\n\t\t\t\t\t\t\t\t<div class=\"elementor-field-type-text elementor-field-group elementor-column elementor-field-group-field_26a6259 elementor-col-50 elementor-field-required\">\n\t\t\t\t\t\t\t\t\t\t\t\t<label for=\"form-field-field_26a6259\" class=\"elementor-field-label elementor-screen-only\">\n\t\t\t\t\t\t\t\tTelefono\t\t\t\t\t\t\t<\/label>\n\t\t\t\t\t\t\t\t\t\t\t\t\t\t<input size=\"1\" type=\"text\" name=\"form_fields[field_26a6259]\" id=\"form-field-field_26a6259\" class=\"elementor-field elementor-size-sm  elementor-field-textual\" placeholder=\"Tel\u00e9fono *\" required=\"required\">\n\t\t\t\t\t\t\t\t\t\t\t<\/div>\n\t\t\t\t\t\t\t\t<div class=\"elementor-field-type-textarea elementor-field-group elementor-column elementor-field-group-message elementor-col-100\">\n\t\t\t\t\t\t\t\t\t\t\t\t<label for=\"form-field-message\" class=\"elementor-field-label elementor-screen-only\">\n\t\t\t\t\t\t\t\tMensaje\t\t\t\t\t\t\t<\/label>\n\t\t\t\t\t\t<textarea class=\"elementor-field-textual elementor-field  elementor-size-sm\" name=\"form_fields[message]\" id=\"form-field-message\" rows=\"3\" placeholder=\"Mensaje *\"><\/textarea>\t\t\t\t<\/div>\n\t\t\t\t\t\t\t\t<div class=\"elementor-field-type-upload elementor-field-group elementor-column elementor-field-group-field_6d87e4f elementor-col-100\">\n\t\t\t\t\t\t\t\t\t\t\t\t<label for=\"form-field-field_6d87e4f\" class=\"elementor-field-label elementor-screen-only\">\n\t\t\t\t\t\t\t\tSubir documentos\t\t\t\t\t\t\t<\/label>\n\t\t\t\t\t\t\t\t<input type=\"file\" name=\"form_fields[field_6d87e4f][]\" id=\"form-field-field_6d87e4f\" class=\"elementor-field elementor-size-sm  elementor-upload-field\" multiple=\"multiple\" data-maxsize=\"50\" data-maxsize-message=\"Ce fichier d\u00e9passe la taille maximale autoris\u00e9e.\">\n\n\t\t\t\t\t\t<\/div>\n\t\t\t\t\t\t\t\t<div class=\"elementor-field-type-acceptance elementor-field-group elementor-column elementor-field-group-field_af6aa74 elementor-col-100 elementor-field-required\">\n\t\t\t\t\t\t\t\t\t\t\t\t<label for=\"form-field-field_af6aa74\" class=\"elementor-field-label elementor-screen-only\">\n\t\t\t\t\t\t\t\tPol\u00edtica\t\t\t\t\t\t\t<\/label>\n\t\t\t\t\t\t\t\t<div class=\"elementor-field-subgroup\">\n\t\t\t<span class=\"elementor-field-option\">\n\t\t\t\t<input type=\"checkbox\" name=\"form_fields[field_af6aa74]\" id=\"form-field-field_af6aa74\" class=\"elementor-field elementor-size-sm  elementor-acceptance-field\" required=\"required\">\n\t\t\t\t<label for=\"form-field-field_af6aa74\">He le\u00eddo y acepto la <a href=\"https:\/\/clinter.es\/politica-de-privacidad\/\" style=\"color:#004CB5\";>Pol\u00edtica de Privacidad.<\/a><\/label>\t\t\t<\/span>\n\t\t<\/div>\n\t\t\t\t\t\t<\/div>\n\t\t\t\t\t\t\t\t<div class=\"elementor-field-type-recaptcha_v3 elementor-field-group elementor-column elementor-field-group-field_248b7e6 elementor-col-100 recaptcha_v3-bottomright\">\n\t\t\t\t\t<div class=\"elementor-field\" id=\"form-field-field_248b7e6\"><div class=\"elementor-g-recaptcha\" data-sitekey=\"6LcDl5YrAAAAAJxvuLn8X9-YBeuql-Yo-6xuSUlZ\" data-type=\"v3\" data-action=\"Form\" data-badge=\"bottomright\" data-size=\"invisible\"><\/div><\/div>\t\t\t\t<\/div>\n\t\t\t\t\t\t\t\t<div class=\"elementor-field-type-text\">\n\t\t\t\t\t<input size=\"1\" type=\"text\" name=\"form_fields[referencia_extra]\" id=\"form-field-referencia_extra\" class=\"elementor-field elementor-size-sm \" style=\"display:none !important;\">\t\t\t\t<\/div>\n\t\t\t\t\t\t\t\t<div class=\"elementor-field-type-hidden elementor-field-group elementor-column elementor-field-group-utm_medium elementor-col-100\">\n\t\t\t\t\t\t\t\t\t\t\t\t\t<input size=\"1\" type=\"hidden\" name=\"form_fields[utm_medium]\" id=\"form-field-utm_medium\" class=\"elementor-field elementor-size-sm  elementor-field-textual\">\n\t\t\t\t\t\t\t\t\t\t\t<\/div>\n\t\t\t\t\t\t\t\t<div class=\"elementor-field-type-hidden elementor-field-group elementor-column elementor-field-group-utm_source elementor-col-100\">\n\t\t\t\t\t\t\t\t\t\t\t\t\t<input size=\"1\" type=\"hidden\" name=\"form_fields[utm_source]\" id=\"form-field-utm_source\" class=\"elementor-field elementor-size-sm  elementor-field-textual\">\n\t\t\t\t\t\t\t\t\t\t\t<\/div>\n\t\t\t\t\t\t\t\t<div class=\"elementor-field-type-hidden elementor-field-group elementor-column elementor-field-group-utm_campaign elementor-col-100\">\n\t\t\t\t\t\t\t\t\t\t\t\t\t<input size=\"1\" type=\"hidden\" name=\"form_fields[utm_campaign]\" id=\"form-field-utm_campaign\" class=\"elementor-field elementor-size-sm  elementor-field-textual\">\n\t\t\t\t\t\t\t\t\t\t\t<\/div>\n\t\t\t\t\t\t\t\t<div class=\"elementor-field-group elementor-column elementor-field-type-submit elementor-col-100 e-form__buttons\">\n\t\t\t\t\t<button class=\"elementor-button elementor-size-sm\" type=\"submit\">\n\t\t\t\t\t\t<span class=\"elementor-button-content-wrapper\">\n\t\t\t\t\t\t\t\t\t\t\t\t\t\t\t<span class=\"elementor-button-icon\">\n\t\t\t\t\t\t\t\t\t<svg aria-hidden=\"true\" class=\"e-font-icon-svg e-fas-arrow-right\" viewBox=\"0 0 448 512\" xmlns=\"http:\/\/www.w3.org\/2000\/svg\"><path d=\"M190.5 66.9l22.2-22.2c9.4-9.4 24.6-9.4 33.9 0L441 239c9.4 9.4 9.4 24.6 0 33.9L246.6 467.3c-9.4 9.4-24.6 9.4-33.9 0l-22.2-22.2c-9.5-9.5-9.3-25 .4-34.3L311.4 296H24c-13.3 0-24-10.7-24-24v-32c0-13.3 10.7-24 24-24h287.4L190.9 101.2c-9.8-9.3-10-24.8-.4-34.3z\"><\/path><\/svg>\t\t\t\t\t\t\t\t\t\t\t\t\t\t\t\t\t<\/span>\n\t\t\t\t\t\t\t\t\t\t\t\t\t\t\t\t\t\t\t\t\t\t<span class=\"elementor-button-text\">Enviar<\/span>\n\t\t\t\t\t\t\t\t\t\t\t\t\t<\/span>\n\t\t\t\t\t<\/button>\n\t\t\t\t<\/div>\n\t\t\t<\/div>\n\t\t<\/form>\n\t\t\t\t\t\t<\/div>\n\t\t\t\t<\/div>\n\t\t\t\t<\/div>\n\t\t\t\t<\/div>\n\t\t\t\t\t<\/div>\n\t\t\t\t<\/div>\n\t\t<div data-particle_enable=\"false\" data-particle-mobile-disabled=\"false\" data-dce-background-overlay-image-url=\"https:\/\/clinter.es\/wp-content\/uploads\/2025\/06\/0049.jpg\" class=\"elementor-element elementor-element-08b3ea3 e-flex e-con-boxed e-con e-parent\" data-id=\"08b3ea3\" data-element_type=\"container\" data-e-type=\"container\" data-settings=\"{&quot;background_background&quot;:&quot;classic&quot;}\">\n\t\t\t\t\t<div class=\"e-con-inner\">\n\t\t<div data-particle_enable=\"false\" data-particle-mobile-disabled=\"false\" class=\"elementor-element elementor-element-c7b816b e-con-full e-flex e-con e-child\" data-id=\"c7b816b\" data-element_type=\"container\" data-e-type=\"container\" data-settings=\"{&quot;background_background&quot;:&quot;classic&quot;}\">\n\t\t\t\t<div class=\"elementor-element elementor-element-f46e617 elementor-widget elementor-widget-text-editor\" data-id=\"f46e617\" data-element_type=\"widget\" data-e-type=\"widget\" data-widget_type=\"text-editor.default\">\n\t\t\t\t<div class=\"elementor-widget-container\">\n\t\t\t\t\t\t\t\t\t<h2><span lang=\"FR\">En quoi CLINTER peut-il vous aider\u00a0?<\/span><\/h2><p>Nous sommes hautement sp\u00e9cialis\u00e9s dans la traduction certifi\u00e9e conforme des documents requis pour le d\u00e9p\u00f4t d&rsquo;une demande. Tous les documents r\u00e9dig\u00e9s en langue \u00e9trang\u00e8re doivent \u00eatre traduits par un traducteur-interpr\u00e8te asserment\u00e9. Chez CLINTER, nous disposons de traducteurs-interpr\u00e8tes asserment\u00e9s dans toutes les langues, agr\u00e9\u00e9s par le Minist\u00e8re des Affaires \u00c9trang\u00e8res, de l&rsquo;Union Europ\u00e9enne et de la Coop\u00e9ration. Dans tous les cas, <a href=\"https:\/\/clinter.es\/traduccion-jurada-antecedentes-penales\/\"><strong>\u00a0 il est n\u00e9cessaire de faire traduire le casier judiciaire<\/strong><\/a><strong>\u00a0<\/strong>et le passeport.<\/p><p>Nos tarifs et nos d\u00e9lais sont comp\u00e9titifs. \u00c0 titre d&rsquo;exemple, la traduction d&rsquo;un extrait de casier judiciaire du Bangladesh en anglais vers l&rsquo;espagnol (castillan) est fix\u00e9 au prix de 18 \u20ac* et est r\u00e9alis\u00e9e en un jour ouvrable.<\/p><p>*Si le certificat est muni d&rsquo;une apostille, la traduction de l&rsquo;apostille entra\u00eene un suppl\u00e9ment de 5 \u20ac.<\/p>\t\t\t\t\t\t\t\t<\/div>\n\t\t\t\t<\/div>\n\t\t\t\t<\/div>\n\t\t<div data-particle_enable=\"false\" data-particle-mobile-disabled=\"false\" class=\"elementor-element elementor-element-7e33500 e-con-full e-flex e-con e-child\" data-id=\"7e33500\" data-element_type=\"container\" data-e-type=\"container\">\n\t\t\t\t<div class=\"elementor-element elementor-element-4a15918 elementor-widget__width-inherit elementor-invisible elementor-widget elementor-widget-heading\" data-id=\"4a15918\" data-element_type=\"widget\" data-e-type=\"widget\" data-settings=\"{&quot;_animation&quot;:&quot;fadeInDown&quot;}\" data-widget_type=\"heading.default\">\n\t\t\t\t<div class=\"elementor-widget-container\">\n\t\t\t\t\t<h2 class=\"elementor-heading-title elementor-size-default\">Conditions requises pour demander une proc\u00e9dure de r\u00e9gularisation exceptionnelle<\/h2>\t\t\t\t<\/div>\n\t\t\t\t<\/div>\n\t\t<div data-particle_enable=\"false\" data-particle-mobile-disabled=\"false\" class=\"elementor-element elementor-element-a54c3d4 e-grid e-con-full e-con e-child\" data-id=\"a54c3d4\" data-element_type=\"container\" data-e-type=\"container\">\n\t\t<div data-particle_enable=\"false\" data-particle-mobile-disabled=\"false\" data-dce-background-color=\"#FFFFFF\" data-dce-background-hover-color=\"#EBF2FA\" class=\"elementor-element elementor-element-9f4a44e e-con-full e-flex e-con e-child\" data-id=\"9f4a44e\" data-element_type=\"container\" data-e-type=\"container\" data-settings=\"{&quot;background_background&quot;:&quot;classic&quot;}\">\n\t\t\t\t<div class=\"elementor-element elementor-element-d10e219 elementor-widget elementor-widget-heading\" data-id=\"d10e219\" data-element_type=\"widget\" data-e-type=\"widget\" data-widget_type=\"heading.default\">\n\t\t\t\t<div class=\"elementor-widget-container\">\n\t\t\t\t\t<h3 class=\"elementor-heading-title elementor-size-default\">Qui est concern\u00e9 par cette mesure ?<\/h3>\t\t\t\t<\/div>\n\t\t\t\t<\/div>\n\t\t\t\t<div class=\"elementor-element elementor-element-aa2695f elementor-widget elementor-widget-text-editor\" data-id=\"aa2695f\" data-element_type=\"widget\" data-e-type=\"widget\" data-widget_type=\"text-editor.default\">\n\t\t\t\t<div class=\"elementor-widget-container\">\n\t\t\t\t\t\t\t\t\t<p>Le projet s&rsquo;adresse principalement aux personnes en situation irr\u00e9guli\u00e8re et aux demandeurs de protection internationale qui se trouvent en Espagne depuis avant le 1er janvier 2026 et y ont s\u00e9journ\u00e9 sans interruption pendant cinq mois.<\/p><p>\u00a0<\/p><p>Cela inclut les personnes dont la demande de protection internationale est en cours d&rsquo;examen ou a d\u00e9j\u00e0 \u00e9t\u00e9 rejet\u00e9e et qui, malgr\u00e9 tout, n&rsquo;ont pas r\u00e9ussi \u00e0 b\u00e9n\u00e9ficier des diff\u00e9rentes mesures d&rsquo;enracinement.<\/p><p>\u00a0<\/p><p>La r\u00e9gularisation aura un caract\u00e8re g\u00e9n\u00e9ral et s&rsquo;appliquera sans distinction de nationalit\u00e9, tant que les conditions fix\u00e9es dans la r\u00e9glementation d\u00e9j\u00e0 publi\u00e9e soient remplies. L&rsquo;objectif est ainsi de r\u00e9duire consid\u00e9rablement l&rsquo;exploitation au travail.<\/p><p>\u00a0<\/p>\t\t\t\t\t\t\t\t<\/div>\n\t\t\t\t<\/div>\n\t\t\t\t<\/div>\n\t\t<div data-particle_enable=\"false\" data-particle-mobile-disabled=\"false\" data-dce-background-color=\"#FFFFFF\" data-dce-background-hover-color=\"#EBF2FA\" class=\"elementor-element elementor-element-78b4987 e-con-full e-flex e-con e-child\" data-id=\"78b4987\" data-element_type=\"container\" data-e-type=\"container\" data-settings=\"{&quot;background_background&quot;:&quot;classic&quot;}\">\n\t\t\t\t<div class=\"elementor-element elementor-element-4dec170 elementor-widget elementor-widget-heading\" data-id=\"4dec170\" data-element_type=\"widget\" data-e-type=\"widget\" data-widget_type=\"heading.default\">\n\t\t\t\t<div class=\"elementor-widget-container\">\n\t\t\t\t\t<h3 class=\"elementor-heading-title elementor-size-default\">Quel impact cette mesure devrait-elle avoir ?<\/h3>\t\t\t\t<\/div>\n\t\t\t\t<\/div>\n\t\t\t\t<div class=\"elementor-element elementor-element-f015ee1 elementor-widget elementor-widget-text-editor\" data-id=\"f015ee1\" data-element_type=\"widget\" data-e-type=\"widget\" data-widget_type=\"text-editor.default\">\n\t\t\t\t<div class=\"elementor-widget-container\">\n\t\t\t\t\t\t\t\t\t<p>Cette mesure devrait permettre de r\u00e9gulariser la situation de plus d&rsquo;un demi-million d&rsquo;immigrants en situation irr\u00e9guli\u00e8re. L&rsquo;objectif est de rem\u00e9dier \u00e0 toutes les irr\u00e9gularit\u00e9s commises ces derni\u00e8res ann\u00e9es, afin d&rsquo;\u00e9viter l&rsquo;exploitation des migrants.<\/p><p>\u00a0<\/p><p>La r\u00e9gularisation est compatible et compl\u00e9mentaire au r\u00e8glement sur les \u00e9trangers, et le titre de s\u00e9jour permettra automatiquement de travailler sur l&rsquo;ensemble du territoire national et dans n&rsquo;importe quel secteur.<\/p>\t\t\t\t\t\t\t\t<\/div>\n\t\t\t\t<\/div>\n\t\t\t\t<\/div>\n\t\t<div data-particle_enable=\"false\" data-particle-mobile-disabled=\"false\" data-dce-background-color=\"#FFFFFF\" data-dce-background-hover-color=\"#EBF2FA\" class=\"elementor-element elementor-element-3f86dca e-con-full e-flex e-con e-child\" data-id=\"3f86dca\" data-element_type=\"container\" data-e-type=\"container\" data-settings=\"{&quot;background_background&quot;:&quot;classic&quot;}\">\n\t\t\t\t<div class=\"elementor-element elementor-element-a75cf81 elementor-widget elementor-widget-heading\" data-id=\"a75cf81\" data-element_type=\"widget\" data-e-type=\"widget\" data-widget_type=\"heading.default\">\n\t\t\t\t<div class=\"elementor-widget-container\">\n\t\t\t\t\t<h3 class=\"elementor-heading-title elementor-size-default\">Quels sont les d\u00e9lais et les conditions \u00e0 respecter ?<\/h3>\t\t\t\t<\/div>\n\t\t\t\t<\/div>\n\t\t\t\t<div class=\"elementor-element elementor-element-e3ff35a elementor-widget elementor-widget-text-editor\" data-id=\"e3ff35a\" data-element_type=\"widget\" data-e-type=\"widget\" data-widget_type=\"text-editor.default\">\n\t\t\t\t<div class=\"elementor-widget-container\">\n\t\t\t\t\t\t\t\t\t<p>Le D\u00e9cret Royal fixe des exigences assez claires, dans le but de garantir la s\u00e9curit\u00e9 juridique. Il existe certaines conditions indispensables\u00a0:<\/p><p>\u00a0<\/p><ul><li>Vivre en Espagne depuis au moins 5 mois.<\/li><\/ul><p>\u00a0<\/p><ul><li>R\u00e9sider en Espagne avant le 31 d\u00e9cembre 2025.<\/li><\/ul><p>\u00a0<\/p><ul><li>Ne pas avoir de casier judiciaire.<\/li><\/ul><p>\u00a0<\/p><p>Il s&rsquo;agit d&rsquo;une proc\u00e9dure exceptionnelle soumise \u00e0 des d\u00e9lais stricts. Les candidatures peuvent \u00eatre d\u00e9pos\u00e9es du 16 avril 2026 au 30 juin 2026.<\/p>\t\t\t\t\t\t\t\t<\/div>\n\t\t\t\t<\/div>\n\t\t\t\t<\/div>\n\t\t\t\t<\/div>\n\t\t\t\t<\/div>\n\t\t\t\t\t<\/div>\n\t\t\t\t<\/div>\n\t\t<div data-particle_enable=\"false\" data-particle-mobile-disabled=\"false\" class=\"elementor-element elementor-element-1576968 e-flex e-con-boxed e-con e-parent\" data-id=\"1576968\" data-element_type=\"container\" data-e-type=\"container\">\n\t\t\t\t\t<div class=\"e-con-inner\">\n\t\t\t\t<div class=\"elementor-element elementor-element-6a4b00d elementor-widget elementor-widget-heading\" data-id=\"6a4b00d\" data-element_type=\"widget\" data-e-type=\"widget\" data-widget_type=\"heading.default\">\n\t\t\t\t<div class=\"elementor-widget-container\">\n\t\t\t\t\t<h2 class=\"elementor-heading-title elementor-size-default\">Nous pouvons vous aider<\/h2>\t\t\t\t<\/div>\n\t\t\t\t<\/div>\n\t\t\t\t<div class=\"elementor-element elementor-element-5eab16d elementor-widget elementor-widget-text-editor\" data-id=\"5eab16d\" data-element_type=\"widget\" data-e-type=\"widget\" data-widget_type=\"text-editor.default\">\n\t\t\t\t<div class=\"elementor-widget-container\">\n\t\t\t\t\t\t\t\t\t<p>Nous r\u00e9alisons la traduction asserment\u00e9e des documents n\u00e9cessaires \u00e0 la demande de r\u00e9gularisation extraordinaire 2026. Les documents r\u00e9dig\u00e9s dans une langue \u00e9trang\u00e8re doivent \u00eatre traduits par un traducteur asserment\u00e9. Dans la plupart des cas, il s\u2019agit du casier judiciaire et du passeport.<\/p>\t\t\t\t\t\t\t\t<\/div>\n\t\t\t\t<\/div>\n\t\t\t\t\t<\/div>\n\t\t\t\t<\/div>\n\t\t<div data-particle_enable=\"false\" data-particle-mobile-disabled=\"false\" class=\"elementor-element elementor-element-07b3906 e-flex e-con-boxed e-con e-parent\" data-id=\"07b3906\" data-element_type=\"container\" data-e-type=\"container\">\n\t\t\t\t\t<div class=\"e-con-inner\">\n\t\t\t\t<div class=\"elementor-element elementor-element-4446261 elementor-widget elementor-widget-text-editor\" data-id=\"4446261\" data-element_type=\"widget\" data-e-type=\"widget\" data-widget_type=\"text-editor.default\">\n\t\t\t\t<div class=\"elementor-widget-container\">\n\t\t\t\t\t\t\t\t\t<p>Les informations pr\u00e9sent\u00e9es sur cette page sont bas\u00e9es sur le d\u00e9cret royal 316\/2026 du 14 avril ainsi que sur la documentation officielle publi\u00e9e par l\u2019Administration. Si vous souhaitez obtenir plus d\u2019informations sur la proc\u00e9dure, vous pouvez consulter les sources officielles suivantes :<\/p><ul><li><a href=\"https:\/\/www.boe.es\/buscar\/doc.php?id=BOE-A-2026-8284\">Real Decreto 316\/2026, de 14 de abril<\/a><\/li><li><a href=\"https:\/\/www.lamoncloa.gob.es\/serviciosdeprensa\/notasprensa\/inclusion\/paginas\/2026\/proceso-regularizacion-migratoria.aspx\">Informaci\u00f3n oficial sobre la regularizaci\u00f3n extraordinaria 2026<\/a><\/li><li><a href=\"https:\/\/revista.seg-social.es\/-\/preguntas-y-respuestas-sobre-la-regularizaci%C3%B3n-extraordinaria-de-migrantes\">Preguntas frecuentes del procedimiento<\/a><\/li><\/ul><p>\u00a0<\/p><p>Si vous avez des doutes sur les documents \u00e0 traduire ou sur la mani\u00e8re de pr\u00e9parer votre demande, vous pouvez nous contacter et nous examinerons votre situation.<\/p><p>\u00a0<\/p>\t\t\t\t\t\t\t\t<\/div>\n\t\t\t\t<\/div>\n\t\t\t\t\t<\/div>\n\t\t\t\t<\/div>\n\t\t\t\t<\/div>\n\t\t","protected":false},"excerpt":{"rendered":"<p>Proc\u00e9dure de r\u00e9gularisation exceptionnelle 2026 | Traduction asserment\u00e9e de documents Le 15 avril 2026, le D\u00e9cret Royal 316\/2026a \u00e9t\u00e9 publi\u00e9, du 14 avril 2026 modifiant le D\u00e9cret Royal 1155\/2024 du 19 novembre 2024, qui approuve le r\u00e8glement d&rsquo;application de la Loi Organique 4\/2000 du 11 janvier 2000, relative aux droits et libert\u00e9s des \u00e9trangers et [&hellip;]<\/p>\n","protected":false},"author":9,"featured_media":0,"parent":0,"menu_order":0,"comment_status":"closed","ping_status":"closed","template":"","meta":{"_angie_page":false,"footnotes":""},"class_list":["post-16858","page","type-page","status-publish","hentry"],"yoast_head":"<!-- This site is optimized with the Yoast SEO plugin v27.4 - https:\/\/yoast.com\/product\/yoast-seo-wordpress\/ -->\n<title>R\u00e9gularisation 2026 | Traduction asserment\u00e9e Espagne<\/title>\n<meta name=\"description\" content=\"Traduction asserment\u00e9e de documents pour la r\u00e9gularisation extraordinaire 2026 en Espagne. D\u00e9lais rapides et traducteurs certifi\u00e9s.\" \/>\n<meta name=\"robots\" content=\"index, follow, max-snippet:-1, max-image-preview:large, max-video-preview:-1\" \/>\n<link rel=\"canonical\" href=\"https:\/\/clinter.es\/fr\/regularisation-extraordinaire-2026-traduction-assermentee\/\" \/>\n<meta property=\"og:locale\" content=\"fr_FR\" \/>\n<meta property=\"og:type\" content=\"article\" \/>\n<meta property=\"og:title\" content=\"R\u00e9gularisation 2026 | Traduction asserment\u00e9e Espagne\" \/>\n<meta property=\"og:description\" content=\"Traduction asserment\u00e9e de documents pour la r\u00e9gularisation extraordinaire 2026 en Espagne. D\u00e9lais rapides et traducteurs certifi\u00e9s.\" \/>\n<meta property=\"og:url\" content=\"https:\/\/clinter.es\/fr\/regularisation-extraordinaire-2026-traduction-assermentee\/\" \/>\n<meta property=\"og:site_name\" content=\"Clinter\" \/>\n<meta property=\"article:modified_time\" content=\"2026-04-21T14:26:47+00:00\" \/>\n<meta name=\"twitter:card\" content=\"summary_large_image\" \/>\n<meta name=\"twitter:label1\" content=\"Dur\u00e9e de lecture estim\u00e9e\" \/>\n\t<meta name=\"twitter:data1\" content=\"4 minutes\" \/>\n<script type=\"application\/ld+json\" class=\"yoast-schema-graph\">{\"@context\":\"https:\\\/\\\/schema.org\",\"@graph\":[{\"@type\":\"WebPage\",\"@id\":\"https:\\\/\\\/clinter.es\\\/fr\\\/regularisation-extraordinaire-2026-traduction-assermentee\\\/\",\"url\":\"https:\\\/\\\/clinter.es\\\/fr\\\/regularisation-extraordinaire-2026-traduction-assermentee\\\/\",\"name\":\"R\u00e9gularisation 2026 | Traduction asserment\u00e9e Espagne\",\"isPartOf\":{\"@id\":\"https:\\\/\\\/clinter.es\\\/fr\\\/#website\"},\"datePublished\":\"2026-04-21T14:22:34+00:00\",\"dateModified\":\"2026-04-21T14:26:47+00:00\",\"description\":\"Traduction asserment\u00e9e de documents pour la r\u00e9gularisation extraordinaire 2026 en Espagne. D\u00e9lais rapides et traducteurs certifi\u00e9s.\",\"breadcrumb\":{\"@id\":\"https:\\\/\\\/clinter.es\\\/fr\\\/regularisation-extraordinaire-2026-traduction-assermentee\\\/#breadcrumb\"},\"inLanguage\":\"fr-FR\",\"potentialAction\":[{\"@type\":\"ReadAction\",\"target\":[\"https:\\\/\\\/clinter.es\\\/fr\\\/regularisation-extraordinaire-2026-traduction-assermentee\\\/\"]}]},{\"@type\":\"BreadcrumbList\",\"@id\":\"https:\\\/\\\/clinter.es\\\/fr\\\/regularisation-extraordinaire-2026-traduction-assermentee\\\/#breadcrumb\",\"itemListElement\":[{\"@type\":\"ListItem\",\"position\":1,\"name\":\"Page d'accueil\",\"item\":\"https:\\\/\\\/clinter.es\\\/fr\\\/\"},{\"@type\":\"ListItem\",\"position\":2,\"name\":\"R\u00e9gularisation extraordinaire 2026 | Traduction asserment\u00e9e de documents en Espagne\"}]},{\"@type\":\"WebSite\",\"@id\":\"https:\\\/\\\/clinter.es\\\/fr\\\/#website\",\"url\":\"https:\\\/\\\/clinter.es\\\/fr\\\/\",\"name\":\"Clinter\",\"description\":\"Traducciones e intepretaciones\",\"publisher\":{\"@id\":\"https:\\\/\\\/clinter.es\\\/fr\\\/#organization\"},\"potentialAction\":[{\"@type\":\"SearchAction\",\"target\":{\"@type\":\"EntryPoint\",\"urlTemplate\":\"https:\\\/\\\/clinter.es\\\/fr\\\/?s={search_term_string}\"},\"query-input\":{\"@type\":\"PropertyValueSpecification\",\"valueRequired\":true,\"valueName\":\"search_term_string\"}}],\"inLanguage\":\"fr-FR\"},{\"@type\":\"Organization\",\"@id\":\"https:\\\/\\\/clinter.es\\\/fr\\\/#organization\",\"name\":\"Clinter\",\"url\":\"https:\\\/\\\/clinter.es\\\/fr\\\/\",\"logo\":{\"@type\":\"ImageObject\",\"inLanguage\":\"fr-FR\",\"@id\":\"https:\\\/\\\/clinter.es\\\/fr\\\/#\\\/schema\\\/logo\\\/image\\\/\",\"url\":\"https:\\\/\\\/clinter.es\\\/wp-content\\\/uploads\\\/2025\\\/06\\\/logo-color-clinter.png\",\"contentUrl\":\"https:\\\/\\\/clinter.es\\\/wp-content\\\/uploads\\\/2025\\\/06\\\/logo-color-clinter.png\",\"width\":300,\"height\":102,\"caption\":\"Clinter\"},\"image\":{\"@id\":\"https:\\\/\\\/clinter.es\\\/fr\\\/#\\\/schema\\\/logo\\\/image\\\/\"}}]}<\/script>\n<!-- \/ Yoast SEO plugin. -->","yoast_head_json":{"title":"R\u00e9gularisation 2026 | Traduction asserment\u00e9e Espagne","description":"Traduction asserment\u00e9e de documents pour la r\u00e9gularisation extraordinaire 2026 en Espagne. D\u00e9lais rapides et traducteurs certifi\u00e9s.","robots":{"index":"index","follow":"follow","max-snippet":"max-snippet:-1","max-image-preview":"max-image-preview:large","max-video-preview":"max-video-preview:-1"},"canonical":"https:\/\/clinter.es\/fr\/regularisation-extraordinaire-2026-traduction-assermentee\/","og_locale":"fr_FR","og_type":"article","og_title":"R\u00e9gularisation 2026 | Traduction asserment\u00e9e Espagne","og_description":"Traduction asserment\u00e9e de documents pour la r\u00e9gularisation extraordinaire 2026 en Espagne. D\u00e9lais rapides et traducteurs certifi\u00e9s.","og_url":"https:\/\/clinter.es\/fr\/regularisation-extraordinaire-2026-traduction-assermentee\/","og_site_name":"Clinter","article_modified_time":"2026-04-21T14:26:47+00:00","twitter_card":"summary_large_image","twitter_misc":{"Dur\u00e9e de lecture estim\u00e9e":"4 minutes"},"schema":{"@context":"https:\/\/schema.org","@graph":[{"@type":"WebPage","@id":"https:\/\/clinter.es\/fr\/regularisation-extraordinaire-2026-traduction-assermentee\/","url":"https:\/\/clinter.es\/fr\/regularisation-extraordinaire-2026-traduction-assermentee\/","name":"R\u00e9gularisation 2026 | Traduction asserment\u00e9e Espagne","isPartOf":{"@id":"https:\/\/clinter.es\/fr\/#website"},"datePublished":"2026-04-21T14:22:34+00:00","dateModified":"2026-04-21T14:26:47+00:00","description":"Traduction asserment\u00e9e de documents pour la r\u00e9gularisation extraordinaire 2026 en Espagne. D\u00e9lais rapides et traducteurs certifi\u00e9s.","breadcrumb":{"@id":"https:\/\/clinter.es\/fr\/regularisation-extraordinaire-2026-traduction-assermentee\/#breadcrumb"},"inLanguage":"fr-FR","potentialAction":[{"@type":"ReadAction","target":["https:\/\/clinter.es\/fr\/regularisation-extraordinaire-2026-traduction-assermentee\/"]}]},{"@type":"BreadcrumbList","@id":"https:\/\/clinter.es\/fr\/regularisation-extraordinaire-2026-traduction-assermentee\/#breadcrumb","itemListElement":[{"@type":"ListItem","position":1,"name":"Page d'accueil","item":"https:\/\/clinter.es\/fr\/"},{"@type":"ListItem","position":2,"name":"R\u00e9gularisation extraordinaire 2026 | Traduction asserment\u00e9e de documents en Espagne"}]},{"@type":"WebSite","@id":"https:\/\/clinter.es\/fr\/#website","url":"https:\/\/clinter.es\/fr\/","name":"Clinter","description":"Traducciones e intepretaciones","publisher":{"@id":"https:\/\/clinter.es\/fr\/#organization"},"potentialAction":[{"@type":"SearchAction","target":{"@type":"EntryPoint","urlTemplate":"https:\/\/clinter.es\/fr\/?s={search_term_string}"},"query-input":{"@type":"PropertyValueSpecification","valueRequired":true,"valueName":"search_term_string"}}],"inLanguage":"fr-FR"},{"@type":"Organization","@id":"https:\/\/clinter.es\/fr\/#organization","name":"Clinter","url":"https:\/\/clinter.es\/fr\/","logo":{"@type":"ImageObject","inLanguage":"fr-FR","@id":"https:\/\/clinter.es\/fr\/#\/schema\/logo\/image\/","url":"https:\/\/clinter.es\/wp-content\/uploads\/2025\/06\/logo-color-clinter.png","contentUrl":"https:\/\/clinter.es\/wp-content\/uploads\/2025\/06\/logo-color-clinter.png","width":300,"height":102,"caption":"Clinter"},"image":{"@id":"https:\/\/clinter.es\/fr\/#\/schema\/logo\/image\/"}}]}},"_links":{"self":[{"href":"https:\/\/clinter.es\/fr\/wp-json\/wp\/v2\/pages\/16858","targetHints":{"allow":["GET"]}}],"collection":[{"href":"https:\/\/clinter.es\/fr\/wp-json\/wp\/v2\/pages"}],"about":[{"href":"https:\/\/clinter.es\/fr\/wp-json\/wp\/v2\/types\/page"}],"author":[{"embeddable":true,"href":"https:\/\/clinter.es\/fr\/wp-json\/wp\/v2\/users\/9"}],"replies":[{"embeddable":true,"href":"https:\/\/clinter.es\/fr\/wp-json\/wp\/v2\/comments?post=16858"}],"version-history":[{"count":10,"href":"https:\/\/clinter.es\/fr\/wp-json\/wp\/v2\/pages\/16858\/revisions"}],"predecessor-version":[{"id":16907,"href":"https:\/\/clinter.es\/fr\/wp-json\/wp\/v2\/pages\/16858\/revisions\/16907"}],"wp:attachment":[{"href":"https:\/\/clinter.es\/fr\/wp-json\/wp\/v2\/media?parent=16858"}],"curies":[{"name":"wp","href":"https:\/\/api.w.org\/{rel}","templated":true}]}}